{"id":824,"date":"2022-08-03T09:24:48","date_gmt":"2022-08-03T09:24:48","guid":{"rendered":"https:\/\/marketing.inttec-cloud.com\/?page_id=824"},"modified":"2022-09-17T05:11:53","modified_gmt":"2022-09-17T05:11:53","slug":"proces-de-treball","status":"publish","type":"page","link":"https:\/\/marketing.inttec-cloud.com\/index.php\/proces-de-treball\/","title":{"rendered":"Proc\u00e9s de treball"},"content":{"rendered":"\n<p>Les feines ben fetes necessiten planificaci\u00f3. Per aix\u00f2 a IntTec seguim un proc\u00e9s de treball establert amb el qual augmentem la nostra rendibilitat cara el client, creem una bona comunicaci\u00f3 i evitem al m\u00e0xim els imprevistos. <\/p>\n\n\n\n<p>La coordinaci\u00f3 entre la teva empresa i els nostres equips de treball \u00e9s la base d&#8217;entendre les teves necessitats i poder-te assessorar de la millor manera possible complint amb els objectius desitjats. <\/p>\n\n\n\n<p>Per altra banda, tamb\u00e9 internament, ens \u00e9s important que una vegada tinguem tot el material preparat, aquest no tingui problemes a l&#8217;hora de ser instal\u00b7lat. Minimitzem les aturades de maquin\u00e0ria i processos d&#8217;instal\u00b7laci\u00f3. <\/p>\n\n\n\n<p>Ens agradaria explicar-te el nostre proc\u00e9s de treball perqu\u00e8 entenguis els passos que seguim un cop has contractat els nostres serveis. Sabr\u00e0s en cada moment qu\u00e8 est\u00e0 passant mentre nosaltres estem fent la nostra feina. <\/p>\n\n\n\n<ol class=\"wp-block-list\"><li><a href=\"#Analisis\">An\u00e0lisis<\/a><\/li><li><a href=\"#Planificacio\">Planificaci\u00f3 i esquemes<\/a><\/li><li><a href=\"#Preparacio\">Preparaci\u00f3 de material<\/a><\/li><li><a href=\"#Comprovacions\">Comprovacions<\/a><\/li><li><a href=\"#Instal\u00b7laci\u00f3\">Instal\u00b7laci\u00f3 i posada en marxa<\/a><\/li><li><a href=\"#postvenda\">Servei Postvenda<\/a><\/li><\/ol>\n\n\n\n<div class=\"wp-block-media-text alignfull is-stacked-on-mobile is-image-fill\"><figure class=\"wp-block-media-text__media\" style=\"background-image:url(https:\/\/marketing.inttec-cloud.com\/wp-content\/uploads\/2022\/09\/reunion-.jpg);background-position:50% 50%\"><img loading=\"lazy\" decoding=\"async\" width=\"1000\" height=\"667\" src=\"https:\/\/marketing.inttec-cloud.com\/wp-content\/uploads\/2022\/09\/reunion-.jpg\" alt=\"Reuni\u00f3 - consultoria, assessoria - Instal\u00b7lacions Automatitzaci\u00f3 - IntTec\nProc\u00e9s de treball\" class=\"wp-image-1154 size-full\" srcset=\"https:\/\/marketing.inttec-cloud.com\/wp-content\/uploads\/2022\/09\/reunion-.jpg 1000w, https:\/\/marketing.inttec-cloud.com\/wp-content\/uploads\/2022\/09\/reunion--300x200.jpg 300w, https:\/\/marketing.inttec-cloud.com\/wp-content\/uploads\/2022\/09\/reunion--768x512.jpg 768w, https:\/\/marketing.inttec-cloud.com\/wp-content\/uploads\/2022\/09\/reunion--360x240.jpg 360w\" sizes=\"auto, (max-width: 1000px) 100vw, 1000px\" \/><\/figure><div class=\"wp-block-media-text__content\">\n<h2 class=\"has-text-align-left wp-block-heading\">An\u00e0lisis<\/h2>\n\n\n\n<p>Existeixen <a href=\"https:\/\/marketing.inttec-cloud.com\/index.php\/tipus-de-installacions\/\">moltes solucions <\/a>i possibilitats pel problema o situaci\u00f3 que vols millorar a la teva empresa. Per\u00f2 saps realment quina \u00e9s viable i quina \u00e9s la millor opci\u00f3?<\/p>\n\n\n\n<p>La nostra feina com a professionals \u00e9s donar-te les solucions m\u00e9s viables i eficients per tu i la teva producci\u00f3. Solucions que realment compleixin amb les teves expectatives i converteixin en realitat les teves idees i iniciatives.<\/p>\n\n\n\n<p>Sens dubte ens interessa ajudar-te a complir els teus prop\u00f2sits. Per aix\u00f2 el primer pas \u00e9s reunir-nos i escoltar qu\u00e8 \u00e9s el que busques, les teves inquietuds i les necessitats. Un cop aclarit, posem en marxa el nostre proc\u00e9s de treball comen\u00e7ant amb l&#8217;an\u00e0lisi de la situaci\u00f3 i les seves possibilitats.<\/p>\n\n\n\n<p>Considerant tots els factors, el nostre equip buscar\u00e0 la viabilitat del teu projecte i les opcions que hi ha per realitzar-ho. Estudiaran les possibles complicacions que pot haver-hi en diferents escenaris i la inversi\u00f3 m\u00ednima que s&#8217;ha de fer.<\/p>\n\n\n\n<p>Et buscarem diferents solucions (si possible) analitzant-ne preus d&#8217;instal\u00b7laci\u00f3, costos de manteniment i la relaci\u00f3 qualitat\/preu. Intentarem trobar-te una soluci\u00f3 a mida amb materials de qualitat i que garanteixin un funcionament de llarga durada. <\/p>\n\n\n\n<p>Per tant, tindr\u00e0s un estudi de viabilitat que t&#8217;ajudar\u00e0 en prendre decisions i a triar el tipus de instal\u00b7laci\u00f3 que vols fer. En coneixer\u00e0s els seus avantatges i segons soluci\u00f3 els seus inconvenients.<\/p>\n<\/div><\/div>\n\n\n\n<div class=\"wp-block-media-text alignfull has-media-on-the-right is-stacked-on-mobile is-image-fill\"><figure class=\"wp-block-media-text__media\" style=\"background-image:url(https:\/\/marketing.inttec-cloud.com\/wp-content\/uploads\/2022\/09\/eplan-2-1024x645.jpg);background-position:50% 50%\"><img loading=\"lazy\" decoding=\"async\" width=\"1024\" height=\"645\" src=\"https:\/\/marketing.inttec-cloud.com\/wp-content\/uploads\/2022\/09\/eplan-2-1024x645.jpg\" alt=\"Esquemes - Proc\u00e9s de treball IntTec\" class=\"wp-image-1208 size-full\" srcset=\"https:\/\/marketing.inttec-cloud.com\/wp-content\/uploads\/2022\/09\/eplan-2-1024x645.jpg 1024w, https:\/\/marketing.inttec-cloud.com\/wp-content\/uploads\/2022\/09\/eplan-2-300x189.jpg 300w, https:\/\/marketing.inttec-cloud.com\/wp-content\/uploads\/2022\/09\/eplan-2-768x484.jpg 768w, https:\/\/marketing.inttec-cloud.com\/wp-content\/uploads\/2022\/09\/eplan-2.jpg 1200w\" sizes=\"auto, (max-width: 1024px) 100vw, 1024px\" \/><\/figure><div class=\"wp-block-media-text__content\">\n<h2 class=\"wp-block-heading\" id=\"Planificacio\">Planificaci\u00f3 i esquemes<\/h2>\n\n\n\n<p>Un cop aprovat el projecte, ja ens posem en marxa per garantir una entrega el m\u00e9s r\u00e0pid possible.<\/p>\n\n\n\n<p>La primera part a dur a terme de la instal\u00b7laci\u00f3 \u00e9s dissenyar l&#8217;esquema de funcionament de la instal\u00b7laci\u00f3. Aquest esquema pot ser una actualitzaci\u00f3 d&#8217;un esquema ja existent o un projecte completament nou a mida del que necessitis.<\/p>\n\n\n\n<p>En aquest pas ens assegurem de crear una eina intu\u00eftiva, amb imatges per ajudar-te a comprendre&#8217;ls i detallant els materials, m\u00e0negues d&#8217;instal\u00b7laci\u00f3 i altres informacions.<\/p>\n\n\n\n<p>Els esquemes que du a terme el nostre departament especialitzat utilitza s\u00edmbols normalitzats, seguint les normatives vigents i les teves especificacions per tal que siguin f\u00e0cils de comprendre i serveixin el seu prop\u00f2sit d&#8217;ajudar en cas de necessitat.<\/p>\n\n\n\n<p>El programa que fem servir per dur a terme els nostres esquemes \u00e9s l&#8217;EPLAN Electric P8.<\/p>\n\n\n\n<p>Al mateix moment que el nostre departament d&#8217;esquemes, tamb\u00e9 els nostres <a href=\"https:\/\/marketing.inttec-cloud.com\/index.php\/tipus-programacio-industrial\/\">programadors<\/a> es posaran en marxa per programar els equips necessaris per a la instal\u00b7laci\u00f3.<\/p>\n<\/div><\/div>\n\n\n\n<div class=\"wp-block-media-text alignfull is-stacked-on-mobile\"><figure class=\"wp-block-media-text__media\"><img loading=\"lazy\" decoding=\"async\" width=\"756\" height=\"461\" src=\"https:\/\/marketing.inttec-cloud.com\/wp-content\/uploads\/2022\/09\/cuadre-electric.jpg\" alt=\"Proc\u00e9s de treball - preparaci\u00f3 de material\" class=\"wp-image-1214 size-full\" srcset=\"https:\/\/marketing.inttec-cloud.com\/wp-content\/uploads\/2022\/09\/cuadre-electric.jpg 756w, https:\/\/marketing.inttec-cloud.com\/wp-content\/uploads\/2022\/09\/cuadre-electric-300x183.jpg 300w\" sizes=\"auto, (max-width: 756px) 100vw, 756px\" \/><\/figure><div class=\"wp-block-media-text__content\">\n<h2 class=\"wp-block-heading\" id=\"Preparacio\">Preparaci\u00f3 de material<\/h2>\n\n\n\n<p>Un cop s&#8217;han acabat i comprovat els esquemes de la instal\u00b7laci\u00f3 i dut a terme les programacions de la maquin\u00e0ria, tota la informaci\u00f3 i material passa a mans del nostre departament d&#8217;instal\u00b7lacions.<\/p>\n\n\n\n<p>Aquests comen\u00e7aran a muntar en el nostre taller els armaris i equips seguint les instruccions donades pels esquemes i les pautes donades per tu.<\/p>\n<\/div><\/div>\n\n\n\n<div class=\"wp-block-media-text alignfull has-media-on-the-right is-stacked-on-mobile\"><figure class=\"wp-block-media-text__media\"><img loading=\"lazy\" decoding=\"async\" width=\"640\" height=\"427\" src=\"https:\/\/marketing.inttec-cloud.com\/wp-content\/uploads\/2022\/09\/armaris-electrics.jpg\" alt=\"Armaris el\u00e8ctrics Instal\u00b7laci\u00f3 automatitzaci\u00f3 - proc\u00e9s de treball\" class=\"wp-image-1151 size-full\" srcset=\"https:\/\/marketing.inttec-cloud.com\/wp-content\/uploads\/2022\/09\/armaris-electrics.jpg 640w, https:\/\/marketing.inttec-cloud.com\/wp-content\/uploads\/2022\/09\/armaris-electrics-300x200.jpg 300w, https:\/\/marketing.inttec-cloud.com\/wp-content\/uploads\/2022\/09\/armaris-electrics-360x240.jpg 360w\" sizes=\"auto, (max-width: 640px) 100vw, 640px\" \/><\/figure><div class=\"wp-block-media-text__content\">\n<h2 class=\"wp-block-heading\" id=\"Comprovacions\">Comprovacions<\/h2>\n\n\n\n<p>Un cop muntats els armaris el\u00e8ctrics, els nostres especialistes passaran a fer les comprovacions. <\/p>\n\n\n\n<p>Les instal\u00b7lacions a muntar passaran ex\u00e0mens exhaustius per assegurar-nos un funcionament correcte d&#8217;a\u00efllament i funcions. Ens assegurem que els circuits el\u00e8ctrics i l&#8217;a\u00efllament s\u00f3n correctes per no causar curtcircuits ni encreuaments amb la planta.<\/p>\n\n\n\n<p>D&#8217;aquesta manera minimitzem els possibles conflictes a l&#8217;hora d&#8217;acoblar el material a les instal\u00b7lacions, reduint els temps d&#8217;aturada de la fabricaci\u00f3 i assegurant-nos que l&#8217;equip que portem tindr\u00e0 un funcionament correcte.  <\/p>\n<\/div><\/div>\n\n\n\n<div class=\"wp-block-media-text alignfull is-stacked-on-mobile\"><figure class=\"wp-block-media-text__media\"><img loading=\"lazy\" decoding=\"async\" width=\"900\" height=\"575\" src=\"https:\/\/marketing.inttec-cloud.com\/wp-content\/uploads\/2022\/09\/industria-.jpg\" alt=\"Posada en marxa - proc\u00e9s de treball - IntTec\" class=\"wp-image-1216 size-full\" srcset=\"https:\/\/marketing.inttec-cloud.com\/wp-content\/uploads\/2022\/09\/industria-.jpg 900w, https:\/\/marketing.inttec-cloud.com\/wp-content\/uploads\/2022\/09\/industria--300x192.jpg 300w, https:\/\/marketing.inttec-cloud.com\/wp-content\/uploads\/2022\/09\/industria--768x491.jpg 768w\" sizes=\"auto, (max-width: 900px) 100vw, 900px\" \/><\/figure><div class=\"wp-block-media-text__content\">\n<h2 class=\"wp-block-heading\" id=\"Instal\u00b7laci\u00f3\">Instal\u00b7laci\u00f3 i posada en marxa<\/h2>\n\n\n\n<p>Un cop hem comprovat que la nostra instal\u00b7laci\u00f3 \u00e9s correcte i que complir\u00e0 amb les funcions que se li requereixen, \u00e9s el moment de portar la feina feta a planta. <\/p>\n\n\n\n<p>Els nostres especialistes portaran tot el material al teu establiment i completaran la instal\u00b7laci\u00f3. En cas de realitzar-se instal\u00b7lacions en plantes en funcionament, els nostres t\u00e8cnics tenen molt clar el que suposa una aturada llarga de la maquin\u00e0ria i faran la feina precisa en el menor temps possible per reduir els inconvenients. <\/p>\n\n\n\n<p>Despr\u00e9s de completar el muntatge, s&#8217;asseguraran que el funcionament \u00e9s correcte, analitzant l&#8217;actuaci\u00f3 de la instal\u00b7laci\u00f3 i fent les comprovacions necess\u00e0ries per garantir la seva utilitat i efic\u00e0cia.  <\/p>\n\n\n\n<p>Un cop acabat t&#8217;ajudaran a entendre la maquin\u00e0ria, el programari utilitzat i et donaran tota la documentaci\u00f3 utilitzada en els processos perqu\u00e8 coneguis b\u00e9 la instal\u00b7laci\u00f3 que acabes d&#8217;adquirir. <\/p>\n<\/div><\/div>\n\n\n\n<div class=\"wp-block-media-text alignfull has-media-on-the-right is-stacked-on-mobile\"><figure class=\"wp-block-media-text__media\"><img loading=\"lazy\" decoding=\"async\" width=\"640\" height=\"256\" src=\"https:\/\/marketing.inttec-cloud.com\/wp-content\/uploads\/2022\/09\/servei-postvenda.jpg\" alt=\"Servei PostVenda - Proc\u00e9s de treball IntTec\" class=\"wp-image-1231 size-full\" srcset=\"https:\/\/marketing.inttec-cloud.com\/wp-content\/uploads\/2022\/09\/servei-postvenda.jpg 640w, https:\/\/marketing.inttec-cloud.com\/wp-content\/uploads\/2022\/09\/servei-postvenda-300x120.jpg 300w\" sizes=\"auto, (max-width: 640px) 100vw, 640px\" \/><\/figure><div class=\"wp-block-media-text__content\">\n<h2 class=\"wp-block-heading\" id=\"postvenda\">Servei Postvenda al proc\u00e9s de treball<\/h2>\n\n\n\n<p>Un cop posada en marxa i assegurada la marxa correcta de l&#8217;equipaci\u00f3, IntTec continuar\u00e0 a la teva disposici\u00f3. Sempre podr\u00e0s contactar amb nosaltres per a qualsevol dubte. <\/p>\n\n\n\n<p>No nom\u00e9s ens ocupem de fer instal\u00b7lacions d&#8217;equipaments. Si necessites fer el manteniment de les teves equipacions, optimitzar la marxa de les infraestructures que tens o incl\u00fas programari personalitzat per a la teva producci\u00f3, pots comptar amb nosaltres. Oferim un<a href=\"https:\/\/marketing.inttec-cloud.com\/index.php\/serveis\/\"> ampli ventall de serveis<\/a> amb especialistes per a cada ocasi\u00f3. Seguirem el mateix proc\u00e9s de treball donant-te el millor servei possible i acompanyant-te en tot moment de la teva evoluci\u00f3 empresarial a la ind\u00fastria 4.0. <\/p>\n<\/div><\/div>\n\n\n\n<figure class=\"wp-block-image size-full\"><img loading=\"lazy\" decoding=\"async\" width=\"800\" height=\"400\" src=\"https:\/\/marketing.inttec-cloud.com\/wp-content\/uploads\/2022\/07\/Rep-el-nostre-cataleg-IOT-cloud-directe-al-teu-mail-800-\u00d7-400-px.png\" alt=\"Vols m\u00e9s informaci\u00f3? Posa't en contacte amb IntTec\" class=\"wp-image-442\" srcset=\"https:\/\/marketing.inttec-cloud.com\/wp-content\/uploads\/2022\/07\/Rep-el-nostre-cataleg-IOT-cloud-directe-al-teu-mail-800-\u00d7-400-px.png 800w, https:\/\/marketing.inttec-cloud.com\/wp-content\/uploads\/2022\/07\/Rep-el-nostre-cataleg-IOT-cloud-directe-al-teu-mail-800-\u00d7-400-px-300x150.png 300w, https:\/\/marketing.inttec-cloud.com\/wp-content\/uploads\/2022\/07\/Rep-el-nostre-cataleg-IOT-cloud-directe-al-teu-mail-800-\u00d7-400-px-768x384.png 768w\" sizes=\"auto, (max-width: 800px) 100vw, 800px\" \/><\/figure>\n\n\n<div class=\"wpforms-container wpforms-container-full wpforms-block\" id=\"wpforms-279\"><form id=\"wpforms-form-279\" class=\"wpforms-validate wpforms-form wpforms-ajax-form\" data-formid=\"279\" method=\"post\" enctype=\"multipart\/form-data\" action=\"\/index.php\/wp-json\/wp\/v2\/pages\/824\" data-token=\"c461a8828539e59079528b8043f379ac\" data-token-time=\"1777656767\"><noscript class=\"wpforms-error-noscript\">Activeu el JavaScript al navegador per a poder completar el formulari.<\/noscript><div class=\"wpforms-field-container\"><div id=\"wpforms-279-field_0-container\" class=\"wpforms-field wpforms-field-name\" data-field-id=\"0\"><label class=\"wpforms-field-label\" for=\"wpforms-279-field_0\">Noms i cognoms <span class=\"wpforms-required-label\">*<\/span><\/label><input type=\"text\" id=\"wpforms-279-field_0\" class=\"wpforms-field-medium wpforms-field-required\" name=\"wpforms[fields][0]\" required><\/div><div id=\"wpforms-279-field_3-container\" class=\"wpforms-field wpforms-field-text\" data-field-id=\"3\"><label class=\"wpforms-field-label\" for=\"wpforms-279-field_3\">Empresa <span class=\"wpforms-required-label\">*<\/span><\/label><input type=\"text\" id=\"wpforms-279-field_3\" class=\"wpforms-field-medium wpforms-field-required\" name=\"wpforms[fields][3]\" required><\/div><div id=\"wpforms-279-field_1-container\" class=\"wpforms-field wpforms-field-email\" data-field-id=\"1\"><label class=\"wpforms-field-label\" for=\"wpforms-279-field_1\">Email <span class=\"wpforms-required-label\">*<\/span><\/label><input type=\"email\" id=\"wpforms-279-field_1\" class=\"wpforms-field-medium wpforms-field-required\" name=\"wpforms[fields][1]\" spellcheck=\"false\" required><\/div><div id=\"wpforms-279-field_2-container\" class=\"wpforms-field wpforms-field-textarea\" data-field-id=\"2\"><label class=\"wpforms-field-label\" for=\"wpforms-279-field_2\">En qu\u00e8 et podem ajudar? <span class=\"wpforms-required-label\">*<\/span><\/label><textarea id=\"wpforms-279-field_2\" class=\"wpforms-field-medium wpforms-field-required\" name=\"wpforms[fields][2]\" required><\/textarea><\/div><\/div><!-- .wpforms-field-container --><div class=\"wpforms-submit-container\" ><input type=\"hidden\" name=\"wpforms[id]\" value=\"279\"><input type=\"hidden\" name=\"page_title\" value=\"\"><input type=\"hidden\" name=\"page_url\" value=\"https:\/\/marketing.inttec-cloud.com\/index.php\/wp-json\/wp\/v2\/pages\/824\"><input type=\"hidden\" name=\"url_referer\" value=\"\"><button type=\"submit\" name=\"wpforms[submit]\" id=\"wpforms-submit-279\" class=\"wpforms-submit\" data-alt-text=\"Enviant....\" data-submit-text=\"Enviar\" aria-live=\"assertive\" value=\"wpforms-submit\">Enviar<\/button><img loading=\"lazy\" decoding=\"async\" src=\"https:\/\/marketing.inttec-cloud.com\/wp-content\/plugins\/wpforms-lite\/assets\/images\/submit-spin.svg\" class=\"wpforms-submit-spinner\" style=\"display: none;\" width=\"26\" height=\"26\" alt=\"S&#039;est\u00e0 carregant\"><\/div><\/form><\/div>  <!-- .wpforms-container -->\n\n\n<p>Tamb\u00e9 ens pots seguir al nostre perfil de <a href=\"https:\/\/www.linkedin.com\/company\/integracions-tecnologiques-2016-sl\">LinkedIn<\/a><\/p>\n","protected":false},"excerpt":{"rendered":"<p>Les feines ben fetes necessiten planificaci\u00f3. Per aix\u00f2 a IntTec seguim un proc\u00e9s de treball establert amb el qual augmentem la nostra rendibilitat cara el client, creem una bona comunicaci\u00f3 i evitem al m\u00e0xim els imprevistos. La coordinaci\u00f3 entre la teva empresa i els nostres equips de treball \u00e9s la [&hellip;]<\/p>\n","protected":false},"author":1,"featured_media":1227,"parent":0,"menu_order":0,"comment_status":"closed","ping_status":"closed","template":"","meta":{"_monsterinsights_skip_tracking":false,"_monsterinsights_sitenote_active":false,"_monsterinsights_sitenote_note":"","_monsterinsights_sitenote_category":0,"footnotes":""},"class_list":["post-824","page","type-page","status-publish","has-post-thumbnail","hentry"],"yoast_head":"<!-- This site is optimized with the Yoast SEO plugin v27.5 - https:\/\/yoast.com\/product\/yoast-seo-wordpress\/ -->\n<title>Proc\u00e9s de treball - IntTec - Integracions tecnol\u00f2giques 2016<\/title>\n<meta name=\"description\" content=\"A IntTec valorem el correcte proc\u00e9s de treball. Volem garantir una instal\u00b7laci\u00f3 efectiva i complir amb les teves expectatives\" \/>\n<meta name=\"robots\" content=\"index, follow, max-snippet:-1, max-image-preview:large, max-video-preview:-1\" \/>\n<link rel=\"canonical\" href=\"https:\/\/marketing.inttec-cloud.com\/index.php\/proces-de-treball\/\" \/>\n<meta property=\"og:locale\" content=\"ca_ES\" \/>\n<meta property=\"og:type\" content=\"article\" \/>\n<meta property=\"og:title\" content=\"Proc\u00e9s de treball - IntTec - Integracions tecnol\u00f2giques 2016\" \/>\n<meta property=\"og:description\" content=\"A IntTec valorem el correcte proc\u00e9s de treball. Volem garantir una instal\u00b7laci\u00f3 efectiva i complir amb les teves expectatives\" \/>\n<meta property=\"og:url\" content=\"https:\/\/marketing.inttec-cloud.com\/index.php\/proces-de-treball\/\" \/>\n<meta property=\"og:site_name\" content=\"IntTec - Integracions tecnol\u00f2giques 2016\" \/>\n<meta property=\"article:modified_time\" content=\"2022-09-17T05:11:53+00:00\" \/>\n<meta property=\"og:image\" content=\"https:\/\/marketing.inttec-cloud.com\/wp-content\/uploads\/2022\/09\/shedule.jpg\" \/>\n\t<meta property=\"og:image:width\" content=\"1999\" \/>\n\t<meta property=\"og:image:height\" content=\"630\" \/>\n\t<meta property=\"og:image:type\" content=\"image\/jpeg\" \/>\n<meta name=\"twitter:card\" content=\"summary_large_image\" \/>\n<meta name=\"twitter:label1\" content=\"Temps estimat de lectura\" \/>\n\t<meta name=\"twitter:data1\" content=\"7 minuts\" \/>\n<script type=\"application\/ld+json\" class=\"yoast-schema-graph\">{\"@context\":\"https:\\\/\\\/schema.org\",\"@graph\":[{\"@type\":\"WebPage\",\"@id\":\"https:\\\/\\\/marketing.inttec-cloud.com\\\/index.php\\\/proces-de-treball\\\/\",\"url\":\"https:\\\/\\\/marketing.inttec-cloud.com\\\/index.php\\\/proces-de-treball\\\/\",\"name\":\"Proc\u00e9s de treball - IntTec - Integracions tecnol\u00f2giques 2016\",\"isPartOf\":{\"@id\":\"https:\\\/\\\/marketing.inttec-cloud.com\\\/#website\"},\"primaryImageOfPage\":{\"@id\":\"https:\\\/\\\/marketing.inttec-cloud.com\\\/index.php\\\/proces-de-treball\\\/#primaryimage\"},\"image\":{\"@id\":\"https:\\\/\\\/marketing.inttec-cloud.com\\\/index.php\\\/proces-de-treball\\\/#primaryimage\"},\"thumbnailUrl\":\"https:\\\/\\\/marketing.inttec-cloud.com\\\/wp-content\\\/uploads\\\/2022\\\/09\\\/shedule.jpg\",\"datePublished\":\"2022-08-03T09:24:48+00:00\",\"dateModified\":\"2022-09-17T05:11:53+00:00\",\"description\":\"A IntTec valorem el correcte proc\u00e9s de treball. Volem garantir una instal\u00b7laci\u00f3 efectiva i complir amb les teves expectatives\",\"breadcrumb\":{\"@id\":\"https:\\\/\\\/marketing.inttec-cloud.com\\\/index.php\\\/proces-de-treball\\\/#breadcrumb\"},\"inLanguage\":\"ca\",\"potentialAction\":[{\"@type\":\"ReadAction\",\"target\":[\"https:\\\/\\\/marketing.inttec-cloud.com\\\/index.php\\\/proces-de-treball\\\/\"]}]},{\"@type\":\"ImageObject\",\"inLanguage\":\"ca\",\"@id\":\"https:\\\/\\\/marketing.inttec-cloud.com\\\/index.php\\\/proces-de-treball\\\/#primaryimage\",\"url\":\"https:\\\/\\\/marketing.inttec-cloud.com\\\/wp-content\\\/uploads\\\/2022\\\/09\\\/shedule.jpg\",\"contentUrl\":\"https:\\\/\\\/marketing.inttec-cloud.com\\\/wp-content\\\/uploads\\\/2022\\\/09\\\/shedule.jpg\",\"width\":1999,\"height\":630,\"caption\":\"Proc\u00e9s de treball en instal\u00b7lacions industrials\"},{\"@type\":\"BreadcrumbList\",\"@id\":\"https:\\\/\\\/marketing.inttec-cloud.com\\\/index.php\\\/proces-de-treball\\\/#breadcrumb\",\"itemListElement\":[{\"@type\":\"ListItem\",\"position\":1,\"name\":\"Home\",\"item\":\"https:\\\/\\\/marketing.inttec-cloud.com\\\/\"},{\"@type\":\"ListItem\",\"position\":2,\"name\":\"Proc\u00e9s de treball\"}]},{\"@type\":\"WebSite\",\"@id\":\"https:\\\/\\\/marketing.inttec-cloud.com\\\/#website\",\"url\":\"https:\\\/\\\/marketing.inttec-cloud.com\\\/\",\"name\":\"IntTec - Integracions tecnol\u00f2giques 2016\",\"description\":\"Especialistes del dem\u00e0\",\"publisher\":{\"@id\":\"https:\\\/\\\/marketing.inttec-cloud.com\\\/#organization\"},\"potentialAction\":[{\"@type\":\"SearchAction\",\"target\":{\"@type\":\"EntryPoint\",\"urlTemplate\":\"https:\\\/\\\/marketing.inttec-cloud.com\\\/?s={search_term_string}\"},\"query-input\":{\"@type\":\"PropertyValueSpecification\",\"valueRequired\":true,\"valueName\":\"search_term_string\"}}],\"inLanguage\":\"ca\"},{\"@type\":\"Organization\",\"@id\":\"https:\\\/\\\/marketing.inttec-cloud.com\\\/#organization\",\"name\":\"IntTec - Solucions integrals\",\"url\":\"https:\\\/\\\/marketing.inttec-cloud.com\\\/\",\"logo\":{\"@type\":\"ImageObject\",\"inLanguage\":\"ca\",\"@id\":\"https:\\\/\\\/marketing.inttec-cloud.com\\\/#\\\/schema\\\/logo\\\/image\\\/\",\"url\":\"https:\\\/\\\/marketing.inttec-cloud.com\\\/wp-content\\\/uploads\\\/2022\\\/06\\\/logo.png\",\"contentUrl\":\"https:\\\/\\\/marketing.inttec-cloud.com\\\/wp-content\\\/uploads\\\/2022\\\/06\\\/logo.png\",\"width\":2909,\"height\":988,\"caption\":\"IntTec - Solucions integrals\"},\"image\":{\"@id\":\"https:\\\/\\\/marketing.inttec-cloud.com\\\/#\\\/schema\\\/logo\\\/image\\\/\"},\"sameAs\":[\"https:\\\/\\\/www.linkedin.com\\\/company\\\/integracions-tecnologiques-2016-sl\\\/mycompany\\\/?viewAsMember=true\"]}]}<\/script>\n<!-- \/ Yoast SEO plugin. -->","yoast_head_json":{"title":"Proc\u00e9s de treball - IntTec - Integracions tecnol\u00f2giques 2016","description":"A IntTec valorem el correcte proc\u00e9s de treball. Volem garantir una instal\u00b7laci\u00f3 efectiva i complir amb les teves expectatives","robots":{"index":"index","follow":"follow","max-snippet":"max-snippet:-1","max-image-preview":"max-image-preview:large","max-video-preview":"max-video-preview:-1"},"canonical":"https:\/\/marketing.inttec-cloud.com\/index.php\/proces-de-treball\/","og_locale":"ca_ES","og_type":"article","og_title":"Proc\u00e9s de treball - IntTec - Integracions tecnol\u00f2giques 2016","og_description":"A IntTec valorem el correcte proc\u00e9s de treball. Volem garantir una instal\u00b7laci\u00f3 efectiva i complir amb les teves expectatives","og_url":"https:\/\/marketing.inttec-cloud.com\/index.php\/proces-de-treball\/","og_site_name":"IntTec - Integracions tecnol\u00f2giques 2016","article_modified_time":"2022-09-17T05:11:53+00:00","og_image":[{"width":1999,"height":630,"url":"https:\/\/marketing.inttec-cloud.com\/wp-content\/uploads\/2022\/09\/shedule.jpg","type":"image\/jpeg"}],"twitter_card":"summary_large_image","twitter_misc":{"Temps estimat de lectura":"7 minuts"},"schema":{"@context":"https:\/\/schema.org","@graph":[{"@type":"WebPage","@id":"https:\/\/marketing.inttec-cloud.com\/index.php\/proces-de-treball\/","url":"https:\/\/marketing.inttec-cloud.com\/index.php\/proces-de-treball\/","name":"Proc\u00e9s de treball - IntTec - Integracions tecnol\u00f2giques 2016","isPartOf":{"@id":"https:\/\/marketing.inttec-cloud.com\/#website"},"primaryImageOfPage":{"@id":"https:\/\/marketing.inttec-cloud.com\/index.php\/proces-de-treball\/#primaryimage"},"image":{"@id":"https:\/\/marketing.inttec-cloud.com\/index.php\/proces-de-treball\/#primaryimage"},"thumbnailUrl":"https:\/\/marketing.inttec-cloud.com\/wp-content\/uploads\/2022\/09\/shedule.jpg","datePublished":"2022-08-03T09:24:48+00:00","dateModified":"2022-09-17T05:11:53+00:00","description":"A IntTec valorem el correcte proc\u00e9s de treball. Volem garantir una instal\u00b7laci\u00f3 efectiva i complir amb les teves expectatives","breadcrumb":{"@id":"https:\/\/marketing.inttec-cloud.com\/index.php\/proces-de-treball\/#breadcrumb"},"inLanguage":"ca","potentialAction":[{"@type":"ReadAction","target":["https:\/\/marketing.inttec-cloud.com\/index.php\/proces-de-treball\/"]}]},{"@type":"ImageObject","inLanguage":"ca","@id":"https:\/\/marketing.inttec-cloud.com\/index.php\/proces-de-treball\/#primaryimage","url":"https:\/\/marketing.inttec-cloud.com\/wp-content\/uploads\/2022\/09\/shedule.jpg","contentUrl":"https:\/\/marketing.inttec-cloud.com\/wp-content\/uploads\/2022\/09\/shedule.jpg","width":1999,"height":630,"caption":"Proc\u00e9s de treball en instal\u00b7lacions industrials"},{"@type":"BreadcrumbList","@id":"https:\/\/marketing.inttec-cloud.com\/index.php\/proces-de-treball\/#breadcrumb","itemListElement":[{"@type":"ListItem","position":1,"name":"Home","item":"https:\/\/marketing.inttec-cloud.com\/"},{"@type":"ListItem","position":2,"name":"Proc\u00e9s de treball"}]},{"@type":"WebSite","@id":"https:\/\/marketing.inttec-cloud.com\/#website","url":"https:\/\/marketing.inttec-cloud.com\/","name":"IntTec - Integracions tecnol\u00f2giques 2016","description":"Especialistes del dem\u00e0","publisher":{"@id":"https:\/\/marketing.inttec-cloud.com\/#organization"},"potentialAction":[{"@type":"SearchAction","target":{"@type":"EntryPoint","urlTemplate":"https:\/\/marketing.inttec-cloud.com\/?s={search_term_string}"},"query-input":{"@type":"PropertyValueSpecification","valueRequired":true,"valueName":"search_term_string"}}],"inLanguage":"ca"},{"@type":"Organization","@id":"https:\/\/marketing.inttec-cloud.com\/#organization","name":"IntTec - Solucions integrals","url":"https:\/\/marketing.inttec-cloud.com\/","logo":{"@type":"ImageObject","inLanguage":"ca","@id":"https:\/\/marketing.inttec-cloud.com\/#\/schema\/logo\/image\/","url":"https:\/\/marketing.inttec-cloud.com\/wp-content\/uploads\/2022\/06\/logo.png","contentUrl":"https:\/\/marketing.inttec-cloud.com\/wp-content\/uploads\/2022\/06\/logo.png","width":2909,"height":988,"caption":"IntTec - Solucions integrals"},"image":{"@id":"https:\/\/marketing.inttec-cloud.com\/#\/schema\/logo\/image\/"},"sameAs":["https:\/\/www.linkedin.com\/company\/integracions-tecnologiques-2016-sl\/mycompany\/?viewAsMember=true"]}]}},"_links":{"self":[{"href":"https:\/\/marketing.inttec-cloud.com\/index.php\/wp-json\/wp\/v2\/pages\/824","targetHints":{"allow":["GET"]}}],"collection":[{"href":"https:\/\/marketing.inttec-cloud.com\/index.php\/wp-json\/wp\/v2\/pages"}],"about":[{"href":"https:\/\/marketing.inttec-cloud.com\/index.php\/wp-json\/wp\/v2\/types\/page"}],"author":[{"embeddable":true,"href":"https:\/\/marketing.inttec-cloud.com\/index.php\/wp-json\/wp\/v2\/users\/1"}],"replies":[{"embeddable":true,"href":"https:\/\/marketing.inttec-cloud.com\/index.php\/wp-json\/wp\/v2\/comments?post=824"}],"version-history":[{"count":21,"href":"https:\/\/marketing.inttec-cloud.com\/index.php\/wp-json\/wp\/v2\/pages\/824\/revisions"}],"predecessor-version":[{"id":1232,"href":"https:\/\/marketing.inttec-cloud.com\/index.php\/wp-json\/wp\/v2\/pages\/824\/revisions\/1232"}],"wp:featuredmedia":[{"embeddable":true,"href":"https:\/\/marketing.inttec-cloud.com\/index.php\/wp-json\/wp\/v2\/media\/1227"}],"wp:attachment":[{"href":"https:\/\/marketing.inttec-cloud.com\/index.php\/wp-json\/wp\/v2\/media?parent=824"}],"curies":[{"name":"wp","href":"https:\/\/api.w.org\/{rel}","templated":true}]}}